{"id":1690,"date":"2017-11-05T19:40:29","date_gmt":"2017-11-05T18:40:29","guid":{"rendered":"http:\/\/dev.hotel-maritimo.hr\/?post_type=room_type&#038;p=1690"},"modified":"2017-11-05T19:40:29","modified_gmt":"2017-11-05T18:40:29","slug":"appartement","status":"publish","type":"room_type","link":"https:\/\/www.hotel-maritimo.hr\/de\/room_type\/appartement\/","title":{"rendered":"Appartement"},"content":{"rendered":"<p>&#8211; <strong>Appartement (2+2), Balkon, Meerblick<\/strong> \u2013 das Appartement eignet sich f\u00fcr Familien mit kleinen Kindern oder Paaren, die sich nach Gem\u00fctlichkeit sehnen. Es verf\u00fcgt \u00fcber ein Schlafzimmer mit einem Ehebett, eine kleinere K\u00fcche und ein Wohnzimmer mit einer Couch, die auch als Hilfsbett f\u00fcr einen Erwachsenen oder zwei Kinder genutzt werden kann. Aus dem Appartement, das sich in der obersten Hoteletage befindet, erstreckt sich ein wundersch\u00f6ner Ausblick auf das Meer und die Inseln Bra\u010d und Hvar. <\/p>\n<ul>\n<li>komplett ausgestattete Minik\u00fcche<\/li>\n<li>Bad mit Haarf\u00f6n<\/li>\n<li>SAT TV<\/li>\n<li>Telefon<\/li>\n<li>Internetanschluss<\/li>\n<li>kostenloses WLAN<\/li>\n<li>Minibar<\/li>\n<li>Safe<\/li>\n<li>Klimaanlage<\/li>\n<li>Kinderbett auf Anfrage<\/li>\n<li>41 m2<\/li>\n<\/ul>\n","protected":false},"featured_media":223,"parent":0,"template":"","class_list":["post-1690","room_type","type-room_type","status-publish","has-post-thumbnail","hentry"],"yoast_head":"<!-- This site is optimized with the Yoast SEO plugin v27.3 - https:\/\/yoast.com\/product\/yoast-seo-wordpress\/ -->\n<title>Appartement - Hotel Maritimo<\/title>\n<meta name=\"robots\" content=\"index, follow, max-snippet:-1, max-image-preview:large, max-video-preview:-1\" \/>\n<link rel=\"canonical\" href=\"https:\/\/www.hotel-maritimo.hr\/de\/room_type\/appartement\/\" \/>\n<meta property=\"og:locale\" content=\"de_DE\" \/>\n<meta property=\"og:type\" content=\"article\" \/>\n<meta property=\"og:title\" content=\"Appartement - Hotel Maritimo\" \/>\n<meta property=\"og:description\" content=\"- Appartement (2+2), Balkon, Meerblick \u2013 das Appartement eignet sich f\u00fcr Familien mit kleinen Kindern oder Paaren, die sich nach Gem\u00fctlichkeit sehnen. Es verf\u00fcgt \u00fcber ein Schlafzimmer mit einem Ehebett, eine kleinere K\u00fcche und ein Wohnzimmer mit einer Couch, die auch als Hilfsbett f\u00fcr einen Erwachsenen oder zwei Kinder genutzt werden kann. Aus dem Appartement, das sich in der obersten Hoteletage befindet, erstreckt sich ein wundersch\u00f6ner Ausblick auf das Meer und die Inseln Bra\u010d und Hvar.\" \/>\n<meta property=\"og:url\" content=\"https:\/\/www.hotel-maritimo.hr\/de\/room_type\/appartement\/\" \/>\n<meta property=\"og:site_name\" content=\"Hotel Maritimo\" \/>\n<meta property=\"og:image\" content=\"https:\/\/www.hotel-maritimo.hr\/wp-content\/uploads\/2016\/07\/apatrman10.jpg\" \/>\n\t<meta property=\"og:image:width\" content=\"1024\" \/>\n\t<meta property=\"og:image:height\" content=\"683\" \/>\n\t<meta property=\"og:image:type\" content=\"image\/jpeg\" \/>\n<meta name=\"twitter:card\" content=\"summary_large_image\" \/>\n<meta name=\"twitter:label1\" content=\"Gesch\u00e4tzte Lesezeit\" \/>\n\t<meta name=\"twitter:data1\" content=\"1\u00a0Minute\" \/>\n<script type=\"application\/ld+json\" class=\"yoast-schema-graph\">{\"@context\":\"https:\\\/\\\/schema.org\",\"@graph\":[{\"@type\":\"WebPage\",\"@id\":\"https:\\\/\\\/www.hotel-maritimo.hr\\\/de\\\/room_type\\\/appartement\\\/\",\"url\":\"https:\\\/\\\/www.hotel-maritimo.hr\\\/de\\\/room_type\\\/appartement\\\/\",\"name\":\"Appartement - Hotel Maritimo\",\"isPartOf\":{\"@id\":\"https:\\\/\\\/www.hotel-maritimo.hr\\\/#website\"},\"primaryImageOfPage\":{\"@id\":\"https:\\\/\\\/www.hotel-maritimo.hr\\\/de\\\/room_type\\\/appartement\\\/#primaryimage\"},\"image\":{\"@id\":\"https:\\\/\\\/www.hotel-maritimo.hr\\\/de\\\/room_type\\\/appartement\\\/#primaryimage\"},\"thumbnailUrl\":\"https:\\\/\\\/www.hotel-maritimo.hr\\\/wp-content\\\/uploads\\\/2016\\\/07\\\/apatrman10.jpg\",\"datePublished\":\"2017-11-05T18:40:29+00:00\",\"breadcrumb\":{\"@id\":\"https:\\\/\\\/www.hotel-maritimo.hr\\\/de\\\/room_type\\\/appartement\\\/#breadcrumb\"},\"inLanguage\":\"de\",\"potentialAction\":[{\"@type\":\"ReadAction\",\"target\":[\"https:\\\/\\\/www.hotel-maritimo.hr\\\/de\\\/room_type\\\/appartement\\\/\"]}]},{\"@type\":\"ImageObject\",\"inLanguage\":\"de\",\"@id\":\"https:\\\/\\\/www.hotel-maritimo.hr\\\/de\\\/room_type\\\/appartement\\\/#primaryimage\",\"url\":\"https:\\\/\\\/www.hotel-maritimo.hr\\\/wp-content\\\/uploads\\\/2016\\\/07\\\/apatrman10.jpg\",\"contentUrl\":\"https:\\\/\\\/www.hotel-maritimo.hr\\\/wp-content\\\/uploads\\\/2016\\\/07\\\/apatrman10.jpg\",\"width\":1024,\"height\":683,\"caption\":\"Hotel Maritimo\"},{\"@type\":\"BreadcrumbList\",\"@id\":\"https:\\\/\\\/www.hotel-maritimo.hr\\\/de\\\/room_type\\\/appartement\\\/#breadcrumb\",\"itemListElement\":[{\"@type\":\"ListItem\",\"position\":1,\"name\":\"Home\",\"item\":\"https:\\\/\\\/www.hotel-maritimo.hr\\\/de\\\/\"},{\"@type\":\"ListItem\",\"position\":2,\"name\":\"Room Types\",\"item\":\"https:\\\/\\\/www.hotel-maritimo.hr\\\/room_type\\\/\"},{\"@type\":\"ListItem\",\"position\":3,\"name\":\"Appartement\"}]},{\"@type\":\"WebSite\",\"@id\":\"https:\\\/\\\/www.hotel-maritimo.hr\\\/#website\",\"url\":\"https:\\\/\\\/www.hotel-maritimo.hr\\\/\",\"name\":\"Hotel Maritimo\",\"description\":\"\",\"potentialAction\":[{\"@type\":\"SearchAction\",\"target\":{\"@type\":\"EntryPoint\",\"urlTemplate\":\"https:\\\/\\\/www.hotel-maritimo.hr\\\/?s={search_term_string}\"},\"query-input\":{\"@type\":\"PropertyValueSpecification\",\"valueRequired\":true,\"valueName\":\"search_term_string\"}}],\"inLanguage\":\"de\"}]}<\/script>\n<!-- \/ Yoast SEO plugin. -->","yoast_head_json":{"title":"Appartement - Hotel Maritimo","robots":{"index":"index","follow":"follow","max-snippet":"max-snippet:-1","max-image-preview":"max-image-preview:large","max-video-preview":"max-video-preview:-1"},"canonical":"https:\/\/www.hotel-maritimo.hr\/de\/room_type\/appartement\/","og_locale":"de_DE","og_type":"article","og_title":"Appartement - Hotel Maritimo","og_description":"- Appartement (2+2), Balkon, Meerblick \u2013 das Appartement eignet sich f\u00fcr Familien mit kleinen Kindern oder Paaren, die sich nach Gem\u00fctlichkeit sehnen. Es verf\u00fcgt \u00fcber ein Schlafzimmer mit einem Ehebett, eine kleinere K\u00fcche und ein Wohnzimmer mit einer Couch, die auch als Hilfsbett f\u00fcr einen Erwachsenen oder zwei Kinder genutzt werden kann. Aus dem Appartement, das sich in der obersten Hoteletage befindet, erstreckt sich ein wundersch\u00f6ner Ausblick auf das Meer und die Inseln Bra\u010d und Hvar.","og_url":"https:\/\/www.hotel-maritimo.hr\/de\/room_type\/appartement\/","og_site_name":"Hotel Maritimo","og_image":[{"width":1024,"height":683,"url":"https:\/\/www.hotel-maritimo.hr\/wp-content\/uploads\/2016\/07\/apatrman10.jpg","type":"image\/jpeg"}],"twitter_card":"summary_large_image","twitter_misc":{"Gesch\u00e4tzte Lesezeit":"1\u00a0Minute"},"schema":{"@context":"https:\/\/schema.org","@graph":[{"@type":"WebPage","@id":"https:\/\/www.hotel-maritimo.hr\/de\/room_type\/appartement\/","url":"https:\/\/www.hotel-maritimo.hr\/de\/room_type\/appartement\/","name":"Appartement - Hotel Maritimo","isPartOf":{"@id":"https:\/\/www.hotel-maritimo.hr\/#website"},"primaryImageOfPage":{"@id":"https:\/\/www.hotel-maritimo.hr\/de\/room_type\/appartement\/#primaryimage"},"image":{"@id":"https:\/\/www.hotel-maritimo.hr\/de\/room_type\/appartement\/#primaryimage"},"thumbnailUrl":"https:\/\/www.hotel-maritimo.hr\/wp-content\/uploads\/2016\/07\/apatrman10.jpg","datePublished":"2017-11-05T18:40:29+00:00","breadcrumb":{"@id":"https:\/\/www.hotel-maritimo.hr\/de\/room_type\/appartement\/#breadcrumb"},"inLanguage":"de","potentialAction":[{"@type":"ReadAction","target":["https:\/\/www.hotel-maritimo.hr\/de\/room_type\/appartement\/"]}]},{"@type":"ImageObject","inLanguage":"de","@id":"https:\/\/www.hotel-maritimo.hr\/de\/room_type\/appartement\/#primaryimage","url":"https:\/\/www.hotel-maritimo.hr\/wp-content\/uploads\/2016\/07\/apatrman10.jpg","contentUrl":"https:\/\/www.hotel-maritimo.hr\/wp-content\/uploads\/2016\/07\/apatrman10.jpg","width":1024,"height":683,"caption":"Hotel Maritimo"},{"@type":"BreadcrumbList","@id":"https:\/\/www.hotel-maritimo.hr\/de\/room_type\/appartement\/#breadcrumb","itemListElement":[{"@type":"ListItem","position":1,"name":"Home","item":"https:\/\/www.hotel-maritimo.hr\/de\/"},{"@type":"ListItem","position":2,"name":"Room Types","item":"https:\/\/www.hotel-maritimo.hr\/room_type\/"},{"@type":"ListItem","position":3,"name":"Appartement"}]},{"@type":"WebSite","@id":"https:\/\/www.hotel-maritimo.hr\/#website","url":"https:\/\/www.hotel-maritimo.hr\/","name":"Hotel Maritimo","description":"","potentialAction":[{"@type":"SearchAction","target":{"@type":"EntryPoint","urlTemplate":"https:\/\/www.hotel-maritimo.hr\/?s={search_term_string}"},"query-input":{"@type":"PropertyValueSpecification","valueRequired":true,"valueName":"search_term_string"}}],"inLanguage":"de"}]}},"_links":{"self":[{"href":"https:\/\/www.hotel-maritimo.hr\/de\/wp-json\/wp\/v2\/room_type\/1690","targetHints":{"allow":["GET"]}}],"collection":[{"href":"https:\/\/www.hotel-maritimo.hr\/de\/wp-json\/wp\/v2\/room_type"}],"about":[{"href":"https:\/\/www.hotel-maritimo.hr\/de\/wp-json\/wp\/v2\/types\/room_type"}],"wp:featuredmedia":[{"embeddable":true,"href":"https:\/\/www.hotel-maritimo.hr\/de\/wp-json\/wp\/v2\/media\/223"}],"wp:attachment":[{"href":"https:\/\/www.hotel-maritimo.hr\/de\/wp-json\/wp\/v2\/media?parent=1690"}],"curies":[{"name":"wp","href":"https:\/\/api.w.org\/{rel}","templated":true}]}}